{"id":354,"date":"2021-07-25T19:55:06","date_gmt":"2021-07-25T19:55:06","guid":{"rendered":"https:\/\/melis-yeter.de\/?page_id=354"},"modified":"2021-08-23T19:29:53","modified_gmt":"2021-08-23T19:29:53","slug":"sicherer-kiez","status":"publish","type":"page","link":"https:\/\/melis-yeter.de\/?page_id=354","title":{"rendered":"F\u00fcr einen siche\u00adren&nbsp;Kiez"},"content":{"rendered":"\n[et_\u200bpb_\u200bsection fb_built=\u201c1\u201d custom_padding_last_edited=\u201con|phone\u201d disabled_on=\u201coff|off|off\u201d _builder_version=\u201c4.9.7\u201d _module_preset=\u201cdefault\u201d background_image=\u201chttps:\/\/melis-yeter.de\/wp-content\/uploads\/2021\/07\/street-789626_1920.jpg\u201d parallax=\u201con\u201d custom_padding=\u201c2vh||2vh||true|false\u201d custom_padding_tablet=\u201c15vh||15vh||true|false\u201d custom_padding_phone=\u201c15vh||15vh||true|false\u201d][et_pb_row _builder_version=\u201c4.9.4\u201d _module_preset=\u201cdefault\u201d][et_pb_column type=\u201c4_4\u201d _builder_version=\u201c4.9.4\u201d _module_preset=\u201cdefault\u201d][et_pb_text _builder_version=\u201c4.9.7\u201d _module_preset=\u201cdefault\u201d text_text_color=\u201d#E3000F\u201d header_font=\u201d|800||on|||||\u201d header_text_align=\u201cleft\u201d header_text_color=\u201d#FFFFFF\u201d header_font_size=\u201c100px\u201d header_line_height=\u201c1.1em\u201d custom_margin=\u201d-1px||||false|false\u201d custom_margin_tablet=\u201d-10px||||false|false\u201d custom_margin_phone=\u201d-10px||||false|false\u201d custom_margin_last_edited=\u201con|phone\u201d hover_enabled=\u201c0\u201d header_font_size_tablet=\u201c70px\u201d header_font_size_phone=\u201c40px\u201d header_font_size_last_edited=\u201con|phone\u201d header_text_shadow_style=\u201cpreset2\u201d sticky_enabled=\u201c0\u201d]<h1 style=\"text-align: left;\"><span style=\"color: #ffffff;\">F\u00fcr einen siche\u00adren&nbsp;Kiez<br><\/span><\/h1>[\/et_pb_text][\/et_pb_column][\/et_pb_row][\/et_pb_section][et_pb_section fb_built=\u201c1\u201d module_id=\u201csocialmedia\u201d _builder_version=\u201c4.9.4\u201d _module_preset=\u201cdefault\u201d background_color=\u201d#e7f3ec\u201d][et_pb_row _builder_version=\u201c4.9.4\u201d _module_preset=\u201cdefault\u201d][et_pb_column type=\u201c4_4\u201d _builder_version=\u201c4.7.4\u201d _module_preset=\u201cdefault\u201d][et_pb_text _builder_version=\u201c4.9.7\u201d _module_preset=\u201cdefault\u201d text_text_color=\u201c#000000\u201d text_font_size=\u201c18px\u201d text_line_height=\u201c1.8em\u201d header_font=\u201d|800|||||||\u201d header_text_color=\u201c#E02B20\u201d]<p><b>Zu einem lebens\u00adwer\u00adten Kiez geh\u00f6rt f\u00fcr mich auch ein siche\u00adrer Kiez.<\/b><span style=\"font-weight: 400;\"> Noch immer gibt es im Kiez Orte, an denen sich Men\u00adschen wie Frau\u00aden und \u00e4lte\u00adre Men\u00adschen nicht sicher f\u00fch\u00adlen. Ich m\u00f6ch\u00adte, dass sich das \u00e4ndert.<\/span><\/p>\n<p><span style=\"font-weight: 400;\">Errei\u00adchen k\u00f6n\u00adnen wir das zusam\u00admen durch <\/span><b>eine bewuss\u00adte Gestal\u00adtung des \u00f6ffent\u00adli\u00adchen Rau\u00admes.<\/b><span style=\"font-weight: 400;\"> Ich will bes\u00adse\u00adre Beleuch\u00adtungs\u00adkon\u00adzep\u00adte auf die Agen\u00adda im Par\u00adla\u00adment set\u00adzen. Mit aktu\u00adel\u00adlen Erkennt\u00adnis\u00adsen aus Wis\u00adsen\u00adschaft und Stadt\u00adpla\u00adnung k\u00f6n\u00adnen wir viel bewir\u00adken. So gibt es bereits aus\u00adge\u00adreif\u00adte Kon\u00adzep\u00adte, durch die es m\u00f6g\u00adlich ist, eine bes\u00adse\u00adre Aus\u00adleuch\u00adtung ohne zus\u00e4tz\u00adli\u00adche Lam\u00adpen umzu\u00adset\u00adzen. Es gilt For\u00adschung zu sol\u00adchen Kon\u00adzep\u00adten zu f\u00f6r\u00addern und vor Ort umzu\u00adset\u00adzen. Das besei\u00adtigt Angst\u00adr\u00e4u\u00adme und erh\u00f6ht die Ver\u00adkehrs\u00adsi\u00adcher\u00adheit. Zus\u00e4tz\u00adlich kann eine moder\u00adne Beleuch\u00adtung umwelt\u00adscho\u00adnen\u00adder wir\u00adken. Ein ganz kla\u00adres&nbsp;Plus.<\/span><\/p>\n<p><b>Alle Men\u00adschen im Kiez ver\u00addie\u00adnen einen in Schutz\u00adraum im \u00f6ffent\u00adli\u00adchen Raum mit Anlauf\u00adstel\u00adlen.<\/b><span style=\"font-weight: 400;\"> Zum Bei\u00adspiel brau\u00adchen Jugend\u00adli\u00adche Zugang zu Sozi\u00adal\u00adar\u00adbei\u00adte\u00adrin\u00adnen und Sozi\u00adal\u00admit\u00adar\u00adbei\u00adtern, die sie in allen Lebens\u00adla\u00adgen bera\u00adten und ihnen ver\u00adtrau\u00adens\u00advoll begeg\u00adnen. Opfer von h\u00e4us\u00adli\u00adcher Gewalt, vor allem Frau\u00aden, brau\u00adchen siche\u00adre Zufluchts\u00ador\u00adte. Davon gibt es aktu\u00adell ein\u00adfach zu&nbsp;wenig.&nbsp;<\/span><\/p>[\/et_pb_text][\/et_pb_column][\/et_pb_row][\/et_pb_section][et_pb_section fb_built=\u201c1\u201d custom_padding_last_edited=\u201con|phone\u201d module_id=\u201ckontakt\u201d _builder_version=\u201c4.9.4\u201d _module_preset=\u201cdefault\u201d use_background_color_gradient=\u201con\u201d background_color_gradient_start=\u201crgba(15,10,4,0.4)\u201d background_color_gradient_end=\u201crgba(15,10,4,0.4)\u201d background_color_gradient_overlays_image=\u201con\u201d background_image=\u201chttps:\/\/melis-yeter.de\/wp-content\/uploads\/2021\/05\/MelisYeter-17-scaled.jpg\u201d parallax=\u201con\u201d custom_padding=\u201c1vh||1vh||true|false\u201d custom_padding_tablet=\u201c10vh||10vh||true|false\u201d custom_padding_phone=\u201c10vh||10vh||true|false\u201d][et_pb_row column_structure=\u201c2_3,1_3\u201d use_custom_gutter=\u201con\u201d gutter_width=\u201c1\u201d make_equal=\u201con\u201d _builder_version=\u201c4.9.4\u201d _module_preset=\u201cdefault\u201d width=\u201c90%\u201d width_tablet=\u201c90%\u201d width_phone=\u201c90%\u201d width_last_edited=\u201con|tablet\u201d max_width=\u201c1290px\u201d max_width_tablet=\u201c90%\u201d max_width_phone=\u201c90%\u201d max_width_last_edited=\u201con|desktop\u201d custom_padding=\u201c0px||0px||true|false\u201d][et_pb_column type=\u201c2_3\u201d _builder_version=\u201c4.9.4\u201d _module_preset=\u201cdefault\u201d custom_padding=\u201c100px||||false|false\u201d custom_padding_tablet=\u201c0px||50px||false|false\u201d custom_padding_phone=\u201c0px||50px||false|false\u201d custom_padding_last_edited=\u201con|phone\u201d animation_style=\u201cslide\u201d animation_direction=\u201cbottom\u201d animation_duration=\u201c1500ms\u201d][et_pb_text _builder_version=\u201c4.9.7\u201d _module_preset=\u201cdefault\u201d text_font=\u201d|700||on|||||\u201d text_text_color=\u201d#ffffff\u201d text_font_size=\u201c22px\u201d text_line_height=\u201c1em\u201d text_\u200bfont_\u200bsize_\u200btablet=\u201d\u201d text_font_size_phone=\u201c16px\u201d text_font_size_last_edited=\u201con|phone\u201d text_text_shadow_style=\u201cpreset1\u201d]<p>Von hier. Zusam\u00admen.&nbsp;Voran.<\/p>[\/et_pb_text][et_pb_text _builder_version=\u201c4.9.7\u201d _module_preset=\u201cdefault\u201d header_font=\u201d|||on|||||\u201d header_text_align=\u201cleft\u201d header_text_color=\u201d#FFFFFF\u201d header_font_size=\u201c75px\u201d header_letter_spacing=\u201d-3.8px\u201d header_line_height=\u201c1.2em\u201d header_2_font=\u201d|700||on|||||\u201d header_2_text_color=\u201d#FFFFFF\u201d header_2_font_size=\u201c75px\u201d custom_margin=\u201c30px|||-5px|false|false\u201d custom_margin_tablet=\u201c20px||||false|false\u201d custom_margin_phone=\u201c30px|||-2px|false|false\u201d custom_margin_last_edited=\u201con|phone\u201d header_font_size_tablet=\u201c60px\u201d header_font_size_phone=\u201c35px\u201d header_font_size_last_edited=\u201con|phone\u201d header_\u200bletter_\u200bspacing_\u200btablet=\u201d\u201d header_letter_spacing_phone=\u201d-1px\u201d header_letter_spacing_last_edited=\u201con|phone\u201d header_text_shadow_style=\u201cpreset2\u201d]<h2><span style=\"color: #ffffff;\">Was sind dei\u00adne&nbsp;Ideen&nbsp;?<\/span><span style=\"color: #ffffff;\"><\/span><\/h2>[\/et_pb_text][\/et_pb_column][et_pb_column type=\u201c1_3\u201d _builder_version=\u201c4.9.4\u201d _module_preset=\u201cdefault\u201d background_color=\u201d#FFFFFF\u201d custom_padding=\u201c65px|45px|70px|45px|false|true\u201d custom_\u200bpadding_\u200btablet=\u201d\u201d custom_padding_phone=\u201c50px|35px|50px|35px|false|true\u201d custom_padding_last_edited=\u201con|phone\u201d animation_style=\u201cslide\u201d animation_direction=\u201ctop\u201d animation_duration=\u201c1500ms\u201d][et_pb_contact_form email=\u201ckontakt@melis-yeter.de\u201d custom_message=\u201cName:||et_pb_line_break_holder||%%Name%%||et_pb_line_break_holder||E\u2011Mail:||et_pb_line_break_holder||%%Email%%||et_pb_line_break_holder||Nachricht:||et_pb_line_break_holder||%%Message%%\u201d success_message=\u201cDeine Mail wur\u00adde gesen\u00addet!\u201d _builder_version=\u201c4.9.4\u201d _module_preset=\u201cdefault\u201d custom_button=\u201con\u201d button_text_color=\u201d#ffffff\u201d button_bg_color=\u201d#E3000F\u201d min_height=\u201c286.7px\u201d custom_margin=\u201d||34px|||\u201d][et_pb_contact_field field_id=\u201cName\u201d field_title=\u201cName\u201d _builder_version=\u201c3.16\u201d button_text_size__hover_enabled=\u201coff\u201d button_one_text_size__hover_enabled=\u201coff\u201d button_two_text_size__hover_enabled=\u201coff\u201d button_text_color__hover_enabled=\u201coff\u201d button_one_text_color__hover_enabled=\u201coff\u201d button_two_text_color__hover_enabled=\u201coff\u201d button_border_width__hover_enabled=\u201coff\u201d button_one_border_width__hover_enabled=\u201coff\u201d button_two_border_width__hover_enabled=\u201coff\u201d button_border_color__hover_enabled=\u201coff\u201d button_one_border_color__hover_enabled=\u201coff\u201d button_two_border_color__hover_enabled=\u201coff\u201d button_border_radius__hover_enabled=\u201coff\u201d button_one_border_radius__hover_enabled=\u201coff\u201d button_two_border_radius__hover_enabled=\u201coff\u201d button_letter_spacing__hover_enabled=\u201coff\u201d button_one_letter_spacing__hover_enabled=\u201coff\u201d button_two_letter_spacing__hover_enabled=\u201coff\u201d button_bg_color__hover_enabled=\u201coff\u201d button_one_bg_color__hover_enabled=\u201coff\u201d button_two_bg_color__hover_enabled=\u201coff\u201d][\/et_pb_contact_field][et_pb_contact_field field_id=\u201cEmail\u201d field_title=\u201cE\u2011Mail-Adresse\u201d field_type=\u201cemail\u201d _builder_version=\u201c3.16\u201d button_text_size__hover_enabled=\u201coff\u201d button_one_text_size__hover_enabled=\u201coff\u201d button_two_text_size__hover_enabled=\u201coff\u201d button_text_color__hover_enabled=\u201coff\u201d button_one_text_color__hover_enabled=\u201coff\u201d button_two_text_color__hover_enabled=\u201coff\u201d button_border_width__hover_enabled=\u201coff\u201d button_one_border_width__hover_enabled=\u201coff\u201d button_two_border_width__hover_enabled=\u201coff\u201d button_border_color__hover_enabled=\u201coff\u201d button_one_border_color__hover_enabled=\u201coff\u201d button_two_border_color__hover_enabled=\u201coff\u201d button_border_radius__hover_enabled=\u201coff\u201d button_one_border_radius__hover_enabled=\u201coff\u201d button_two_border_radius__hover_enabled=\u201coff\u201d button_letter_spacing__hover_enabled=\u201coff\u201d button_one_letter_spacing__hover_enabled=\u201coff\u201d button_two_letter_spacing__hover_enabled=\u201coff\u201d button_bg_color__hover_enabled=\u201coff\u201d button_one_bg_color__hover_enabled=\u201coff\u201d button_two_bg_color__hover_enabled=\u201coff\u201d][\/et_pb_contact_field][et_pb_contact_field field_id=\u201cMessage\u201d field_title=\u201cNachricht\u201d field_type=\u201ctext\u201d fullwidth_field=\u201con\u201d _builder_version=\u201c3.16\u201d button_text_size__hover_enabled=\u201coff\u201d button_one_text_size__hover_enabled=\u201coff\u201d button_two_text_size__hover_enabled=\u201coff\u201d button_text_color__hover_enabled=\u201coff\u201d button_one_text_color__hover_enabled=\u201coff\u201d button_two_text_color__hover_enabled=\u201coff\u201d button_border_width__hover_enabled=\u201coff\u201d button_one_border_width__hover_enabled=\u201coff\u201d button_two_border_width__hover_enabled=\u201coff\u201d button_border_color__hover_enabled=\u201coff\u201d button_one_border_color__hover_enabled=\u201coff\u201d button_two_border_color__hover_enabled=\u201coff\u201d button_border_radius__hover_enabled=\u201coff\u201d button_one_border_radius__hover_enabled=\u201coff\u201d button_two_border_radius__hover_enabled=\u201coff\u201d button_letter_spacing__hover_enabled=\u201coff\u201d button_one_letter_spacing__hover_enabled=\u201coff\u201d button_two_letter_spacing__hover_enabled=\u201coff\u201d button_bg_color__hover_enabled=\u201coff\u201d button_one_bg_color__hover_enabled=\u201coff\u201d button_two_bg_color__hover_enabled=\u201coff\u201d][\/et_pb_contact_field][\/et_pb_contact_form][et_pb_blurb title=\u201cE\u2011Mail\u201d use_icon=\u201con\u201d font_icon=\u201d%%238%%\u201d icon_color=\u201d#FFFFFF\u201d use_circle=\u201con\u201d icon_placement=\u201cleft\u201d _builder_version=\u201c4.9.4\u201d _module_preset=\u201cdefault\u201d min_height=\u201c61.8px\u201d]kontakt@melis-yeter.de [\/et_pb_blurb][et_pb_blurb title=\u201cTelefon\u201d use_icon=\u201con\u201d font_icon=\u201d%%264%%\u201d icon_color=\u201d#FFFFFF\u201d use_circle=\u201con\u201d icon_placement=\u201cleft\u201d _builder_version=\u201c4.9.4\u201d _module_preset=\u201cdefault\u201d]015739294527[\/et_pb_blurb][\/et_pb_column][\/et_pb_row][\/et_pb_section]\n","protected":false},"excerpt":{"rendered":"","protected":false},"author":3,"featured_media":0,"parent":0,"menu_order":0,"comment_status":"closed","ping_status":"closed","template":"","meta":{"_et_pb_use_builder":"on","_et_pb_old_content":"","_et_gb_content_width":"","wp_typography_post_enhancements_disabled":false},"yoast_head":"<!-- This site is optimized with the Yoast SEO plugin v16.6.1 - https:\/\/yoast.com\/wordpress\/plugins\/seo\/ -->\n<title>Melis Yeter - F\u00fcr einen sicheren Kiez<\/title>\n<meta name=\"description\" content=\"Noch immer gibt es im Kiez Orte, an denen sich Menschen nicht sicher f\u00fchlen. Ich m\u00f6chte, dass sich das \u00e4ndert und stehe f\u00fcr einen sicheren Kiez.\" \/>\n<meta name=\"robots\" content=\"index, follow, max-snippet:-1, max-image-preview:large, max-video-preview:-1\" \/>\n<link rel=\"canonical\" href=\"https:\/\/melis-yeter.de\/?page_id=354\" \/>\n<meta property=\"og:locale\" content=\"de_DE\" \/>\n<meta property=\"og:type\" content=\"article\" \/>\n<meta property=\"og:title\" content=\"Melis Yeter - F\u00fcr einen sicheren Kiez\" \/>\n<meta property=\"og:description\" content=\"Noch immer gibt es im Kiez Orte, an denen sich Menschen nicht sicher f\u00fchlen. Ich m\u00f6chte, dass sich das \u00e4ndert und stehe f\u00fcr einen sicheren Kiez.\" \/>\n<meta property=\"og:url\" content=\"https:\/\/melis-yeter.de\/?page_id=354\" \/>\n<meta property=\"og:site_name\" content=\"Melis Yeter\" \/>\n<meta property=\"article:modified_time\" content=\"2021-08-23T19:29:53+00:00\" \/>\n<meta property=\"og:image\" content=\"https:\/\/melis-yeter.de\/wp-content\/uploads\/2021\/05\/Melis_2-2-scaled.jpg\" \/>\n\t<meta property=\"og:image:width\" content=\"2560\" \/>\n\t<meta property=\"og:image:height\" content=\"1707\" \/>\n<meta name=\"twitter:card\" content=\"summary_large_image\" \/>\n<meta name=\"twitter:label1\" content=\"Gesch\u00e4tzte Lesezeit\" \/>\n\t<meta name=\"twitter:data1\" content=\"2\u00a0Minuten\" \/>\n<script type=\"application\/ld+json\" class=\"yoast-schema-graph\">{\"@context\":\"https:\/\/schema.org\",\"@graph\":[{\"@type\":[\"Person\",\"Organization\"],\"@id\":\"https:\/\/melis-yeter.de\/#\/schema\/person\/d31c25277f7ffbe6a2e4089bb7ea9475\",\"name\":\"MelisYeter\",\"image\":{\"@type\":\"ImageObject\",\"@id\":\"https:\/\/melis-yeter.de\/#personlogo\",\"inLanguage\":\"de\",\"url\":\"https:\/\/melis-yeter.de\/wp-content\/uploads\/2020\/12\/cropped-IMG_3148@05x-scaled-1.jpg\",\"contentUrl\":\"https:\/\/melis-yeter.de\/wp-content\/uploads\/2020\/12\/cropped-IMG_3148@05x-scaled-1.jpg\",\"width\":512,\"height\":512,\"caption\":\"MelisYeter\"},\"logo\":{\"@id\":\"https:\/\/melis-yeter.de\/#personlogo\"}},{\"@type\":\"WebSite\",\"@id\":\"https:\/\/melis-yeter.de\/#website\",\"url\":\"https:\/\/melis-yeter.de\/\",\"name\":\"Melis Yeter\",\"description\":\"Von hier. Zusammen. Voran.\",\"publisher\":{\"@id\":\"https:\/\/melis-yeter.de\/#\/schema\/person\/d31c25277f7ffbe6a2e4089bb7ea9475\"},\"potentialAction\":[{\"@type\":\"SearchAction\",\"target\":{\"@type\":\"EntryPoint\",\"urlTemplate\":\"https:\/\/melis-yeter.de\/?s={search_term_string}\"},\"query-input\":\"required name=search_term_string\"}],\"inLanguage\":\"de\"},{\"@type\":[\"WebPage\",\"ProfilePage\"],\"@id\":\"https:\/\/melis-yeter.de\/?page_id=354#webpage\",\"url\":\"https:\/\/melis-yeter.de\/?page_id=354\",\"name\":\"Melis Yeter - F\\u00fcr einen sicheren Kiez\",\"isPartOf\":{\"@id\":\"https:\/\/melis-yeter.de\/#website\"},\"datePublished\":\"2021-07-25T19:55:06+00:00\",\"dateModified\":\"2021-08-23T19:29:53+00:00\",\"description\":\"Noch immer gibt es im Kiez Orte, an denen sich Menschen nicht sicher f\\u00fchlen. Ich m\\u00f6chte, dass sich das \\u00e4ndert und stehe f\\u00fcr einen sicheren Kiez.\",\"breadcrumb\":{\"@id\":\"https:\/\/melis-yeter.de\/?page_id=354#breadcrumb\"},\"inLanguage\":\"de\",\"potentialAction\":[{\"@type\":\"ReadAction\",\"target\":[\"https:\/\/melis-yeter.de\/?page_id=354\"]}]},{\"@type\":\"BreadcrumbList\",\"@id\":\"https:\/\/melis-yeter.de\/?page_id=354#breadcrumb\",\"itemListElement\":[{\"@type\":\"ListItem\",\"position\":1,\"name\":\"Startseite\",\"item\":\"https:\/\/melis-yeter.de\/\"},{\"@type\":\"ListItem\",\"position\":2,\"name\":\"F\\u00fcr einen sicheren Kiez\"}]}]}<\/script>\n<!-- \/ Yoast SEO plugin. -->","_links":{"self":[{"href":"https:\/\/melis-yeter.de\/index.php?rest_route=\/wp\/v2\/pages\/354"}],"collection":[{"href":"https:\/\/melis-yeter.de\/index.php?rest_route=\/wp\/v2\/pages"}],"about":[{"href":"https:\/\/melis-yeter.de\/index.php?rest_route=\/wp\/v2\/types\/page"}],"author":[{"embeddable":true,"href":"https:\/\/melis-yeter.de\/index.php?rest_route=\/wp\/v2\/users\/3"}],"replies":[{"embeddable":true,"href":"https:\/\/melis-yeter.de\/index.php?rest_route=%2Fwp%2Fv2%2Fcomments&post=354"}],"version-history":[{"count":8,"href":"https:\/\/melis-yeter.de\/index.php?rest_route=\/wp\/v2\/pages\/354\/revisions"}],"predecessor-version":[{"id":416,"href":"https:\/\/melis-yeter.de\/index.php?rest_route=\/wp\/v2\/pages\/354\/revisions\/416"}],"wp:attachment":[{"href":"https:\/\/melis-yeter.de\/index.php?rest_route=%2Fwp%2Fv2%2Fmedia&parent=354"}],"curies":[{"name":"wp","href":"https:\/\/api.w.org\/{rel}","templated":true}]}}